{"id":11006,"date":"2025-12-19T12:32:06","date_gmt":"2025-12-19T11:32:06","guid":{"rendered":"https:\/\/ateneasky.com\/asi-empieza-un-buen-final-atenea-sky-se-viste-de-gala-para-despedir-el-ano-por-todo-lo-alto\/"},"modified":"2025-12-19T12:32:06","modified_gmt":"2025-12-19T11:32:06","slug":"asi-empieza-un-buen-final-atenea-sky-se-viste-de-gala-para-despedir-el-ano-por-todo-lo-alto","status":"publish","type":"page","link":"https:\/\/ateneasky.com\/en\/asi-empieza-un-buen-final-atenea-sky-se-viste-de-gala-para-despedir-el-ano-por-todo-lo-alto\/","title":{"rendered":"As\u00ed empieza un buen final: Atenea Sky se viste de gala para despedir el a\u00f1o por todo lo alto"},"content":{"rendered":"\t\t<div data-elementor-type=\"wp-page\" data-elementor-id=\"11006\" class=\"elementor elementor-11006 elementor-10804\" data-elementor-post-type=\"page\">\n\t\t\t\t<div class=\"elementor-element elementor-element-3badcb5 e-flex e-con-boxed e-con e-parent\" data-id=\"3badcb5\" data-element_type=\"container\">\n\t\t\t\t\t<div class=\"e-con-inner\">\n\t\t\t\t<div class=\"elementor-element elementor-element-797fbd3 elementor-widget elementor-widget-spacer\" data-id=\"797fbd3\" data-element_type=\"widget\" data-widget_type=\"spacer.default\">\n\t\t\t\t<div class=\"elementor-widget-container\">\n\t\t\t\t\t\t\t<div class=\"elementor-spacer\">\n\t\t\t<div class=\"elementor-spacer-inner\"><\/div>\n\t\t<\/div>\n\t\t\t\t\t\t<\/div>\n\t\t\t\t<\/div>\n\t\t\t\t<div class=\"elementor-element elementor-element-e708390 elementor-widget elementor-widget-heading\" data-id=\"e708390\" data-element_type=\"widget\" data-widget_type=\"heading.default\">\n\t\t\t\t<div class=\"elementor-widget-container\">\n\t\t\t\t\t<h2 class=\"elementor-heading-title elementor-size-default\">As\u00ed empieza un buen final: Atenea Sky se viste de gala para despedir el a\u00f1o por todo lo alto\n<\/h2>\t\t\t\t<\/div>\n\t\t\t\t<\/div>\n\t\t\t\t<div class=\"elementor-element elementor-element-ccfa6bf seccion-img elementor-widget__width-inherit elementor-widget elementor-widget-image\" data-id=\"ccfa6bf\" data-element_type=\"widget\" data-widget_type=\"image.default\">\n\t\t\t\t<div class=\"elementor-widget-container\">\n\t\t\t\t\t\t\t\t\t\t\t\t\t\t\t<img fetchpriority=\"high\" decoding=\"async\" width=\"2560\" height=\"1440\" src=\"https:\/\/ateneasky.com\/wp-content\/uploads\/2025\/12\/PXL_20251121_185327478-scaled.jpg\" class=\"attachment-full size-full wp-image-10829\" alt=\"\" srcset=\"https:\/\/ateneasky.com\/wp-content\/uploads\/2025\/12\/PXL_20251121_185327478-scaled.jpg 2560w, https:\/\/ateneasky.com\/wp-content\/uploads\/2025\/12\/PXL_20251121_185327478-300x169.jpg 300w, https:\/\/ateneasky.com\/wp-content\/uploads\/2025\/12\/PXL_20251121_185327478-1024x576.jpg 1024w, https:\/\/ateneasky.com\/wp-content\/uploads\/2025\/12\/PXL_20251121_185327478-768x432.jpg 768w, https:\/\/ateneasky.com\/wp-content\/uploads\/2025\/12\/PXL_20251121_185327478-1536x864.jpg 1536w, https:\/\/ateneasky.com\/wp-content\/uploads\/2025\/12\/PXL_20251121_185327478-2048x1152.jpg 2048w\" sizes=\"(max-width: 2560px) 100vw, 2560px\" \/>\t\t\t\t\t\t\t\t\t\t\t\t\t\t\t<\/div>\n\t\t\t\t<\/div>\n\t\t\t\t<div class=\"elementor-element elementor-element-137b2f6 elementor-widget__width-initial elementor-widget elementor-widget-text-editor\" data-id=\"137b2f6\" data-element_type=\"widget\" data-widget_type=\"text-editor.default\">\n\t\t\t\t<div class=\"elementor-widget-container\">\n\t\t\t\t\t\t\t\t\t<p><span style=\"font-weight: 400;\">Valencia se prepara para <\/span><b>una de las noches m\u00e1s especiales del a\u00f1o<\/b><span style=\"font-weight: 400;\"> y Atenea Sky vuelve a convertirse en uno de los grandes escenarios para despedir el a\u00f1o desde lo m\u00e1s alto de la ciudad. Bajo el concepto ALTA SOCIEDAD, el emblem\u00e1tico edificio Ateneo Mercantil propone una <\/span><b>Nochevieja <\/b><span style=\"font-weight: 400;\">que combina alta gastronom\u00eda, vistas privilegiadas, campanadas y fiesta en varias alturas, en pleno coraz\u00f3n de la <\/span><b>Plaza del Ayuntamiento<\/b><span style=\"font-weight: 400;\">.<\/span><\/p><p><span style=\"font-weight: 400;\">As\u00ed empieza un buen final: sent\u00e1ndose a la mesa, brindando y viviendo las <\/span><b>campanadas <\/b><span style=\"font-weight: 400;\">desde un lugar \u00fanico.<\/span><span style=\"font-weight: 400;\"><br \/><\/span><\/p><p><span style=\"font-weight: 400;\">La propuesta de Atenea comienza con una <\/span><b>cena de gala en La P\u00e9rgola acristalada<\/b><span style=\"font-weight: 400;\"> de Atenea Sky, el \u00fanico restaurante en las alturas desde donde es posible cenar y brindar las campanadas con vistas directas al Ayuntamiento.<\/span><\/p><p><b>Una cena a la que no le faltar\u00e1 detalle<\/b><\/p><p><span style=\"font-weight: 400;\">La experiencia gastron\u00f3mica incluye un <\/span><b>welcome cocktail<\/b><span style=\"font-weight: 400;\"> exclusivo y un men\u00fa especial de Nochevieja, dise\u00f1ado para la ocasi\u00f3n, que se acompa\u00f1a de una <\/span><b>cuidada selecci\u00f3n de bebidas durante toda la cen<\/b><span style=\"font-weight: 400;\">a: Tarsus Blanco 2023 (D.O. Rueda) y Termes 2021 de Numanthia (D.O. Toro), adem\u00e1s de una botella de <\/span><b>Mo\u00ebt &amp; Chandon Imp\u00e9rial Brut <\/b><span style=\"font-weight: 400;\">incluida por mesa.<\/span><\/p><p><span style=\"font-weight: 400;\">A medianoche, el ritual se vive desde las alturas: <\/span><b>uvas, champ\u00e1n, cotill\u00f3n y fuegos artificiales<\/b><span style=\"font-weight: 400;\">, con la Plaza del Ayuntamiento iluminando el inicio del nuevo a\u00f1o.<\/span><\/p><p><b>La noche contin\u00faa con fiesta en varios niveles<\/b><\/p><p><span style=\"font-weight: 400;\">Tras las campanadas, la celebraci\u00f3n se extiende por el edificio con una fiesta distribuida entre la sexta planta y el rooftop, distintos ambientes musicales y una atm\u00f3sfera elegante que define el car\u00e1cter de Atenea. Una Nochevieja completa, pensada para disfrutarse sin desplazamientos, en un mismo lugar y con la ciudad como tel\u00f3n de fondo.<\/span><\/p><p><b>Una experiencia exclusiva en el centro de Valencia<\/b><\/p><p><span style=\"font-weight: 400;\">La propuesta de Atenea para despedir el a\u00f1o se ha consolidado como una de las m\u00e1s singulares de la ciudad por su combinaci\u00f3n de ubicaci\u00f3n, experiencia gastron\u00f3mica y celebraci\u00f3n en altura, convirti\u00e9ndose en un punto de encuentro para quienes buscan una Nochevieja especial, cuidada y con identidad propia.<\/span><\/p><p><b>Informaci\u00f3n y reservas: <\/b><span style=\"font-weight: 400;\">Para quienes deseen vivir la experiencia completa, todav\u00eda quedan algunas mesas privadas disponibles para la cena de Nochevieja en La P\u00e9rgola de Atenea Sky.<\/span><\/p><p><b>Informaci\u00f3n y reservas: +34 687 60 17 92. <span style=\"text-decoration: underline;\"><a href=\"https:\/\/site.fourvenues.com\/es\/atenea-sky\/events\/alta-sociedad--new-years-eve-2025-31-12-2025-XIEY\" target=\"_blank\" rel=\"noopener\">\u00daltimas entradas y reservas online<\/a><\/span><\/b><\/p>\t\t\t\t\t\t\t\t<\/div>\n\t\t\t\t<\/div>\n\t\t\t\t<div class=\"elementor-element elementor-element-d534632 elementor-widget elementor-widget-heading\" data-id=\"d534632\" data-element_type=\"widget\" data-widget_type=\"heading.default\">\n\t\t\t\t<div class=\"elementor-widget-container\">\n\t\t\t\t\t<h3 class=\"elementor-heading-title elementor-size-default\">Galer\u00eda\n<\/h3>\t\t\t\t<\/div>\n\t\t\t\t<\/div>\n\t\t\t\t<div class=\"elementor-element elementor-element-0c62a8f seccion-galeria elementor-widget elementor-widget-gallery\" data-id=\"0c62a8f\" data-element_type=\"widget\" data-settings=\"{&quot;columns&quot;:3,&quot;gap&quot;:{&quot;unit&quot;:&quot;px&quot;,&quot;size&quot;:24,&quot;sizes&quot;:[]},&quot;lazyload&quot;:&quot;yes&quot;,&quot;gallery_layout&quot;:&quot;grid&quot;,&quot;columns_tablet&quot;:2,&quot;columns_mobile&quot;:1,&quot;gap_tablet&quot;:{&quot;unit&quot;:&quot;px&quot;,&quot;size&quot;:10,&quot;sizes&quot;:[]},&quot;gap_mobile&quot;:{&quot;unit&quot;:&quot;px&quot;,&quot;size&quot;:10,&quot;sizes&quot;:[]},&quot;link_to&quot;:&quot;file&quot;,&quot;aspect_ratio&quot;:&quot;3:2&quot;,&quot;overlay_background&quot;:&quot;yes&quot;,&quot;content_hover_animation&quot;:&quot;fade-in&quot;}\" data-widget_type=\"gallery.default\">\n\t\t\t\t<div class=\"elementor-widget-container\">\n\t\t\t\t\t\t\t<div class=\"elementor-gallery__container\">\n\t\t\t\t\t\t\t<a class=\"e-gallery-item elementor-gallery-item elementor-animated-content\" href=\"https:\/\/ateneasky.com\/wp-content\/uploads\/2025\/12\/2O3A7943-scaled.jpg\" data-elementor-open-lightbox=\"yes\" data-elementor-lightbox-slideshow=\"0c62a8f\" data-elementor-lightbox-title=\"2O3A7943\" data-e-action-hash=\"#elementor-action%3Aaction%3Dlightbox%26settings%3DeyJpZCI6MTA4MDYsInVybCI6Imh0dHBzOlwvXC9hdGVuZWFza3kuY29tXC93cC1jb250ZW50XC91cGxvYWRzXC8yMDI1XC8xMlwvMk8zQTc5NDMtc2NhbGVkLmpwZyIsInNsaWRlc2hvdyI6IjBjNjJhOGYifQ%3D%3D\">\n\t\t\t\t\t<div class=\"e-gallery-image elementor-gallery-item__image\" data-thumbnail=\"https:\/\/ateneasky.com\/wp-content\/uploads\/2025\/12\/2O3A7943-scaled.jpg\" data-width=\"1707\" data-height=\"2560\" aria-label=\"\" role=\"img\" ><\/div>\n\t\t\t\t\t\t\t\t\t\t\t<div class=\"elementor-gallery-item__overlay\"><\/div>\n\t\t\t\t\t\t\t\t\t\t\t\t\t\t<\/a>\n\t\t\t\t\t\t\t<a class=\"e-gallery-item elementor-gallery-item elementor-animated-content\" href=\"https:\/\/ateneasky.com\/wp-content\/uploads\/2025\/12\/2O3A7948-scaled.jpg\" data-elementor-open-lightbox=\"yes\" data-elementor-lightbox-slideshow=\"0c62a8f\" data-elementor-lightbox-title=\"2O3A7948\" data-e-action-hash=\"#elementor-action%3Aaction%3Dlightbox%26settings%3DeyJpZCI6MTA4MDgsInVybCI6Imh0dHBzOlwvXC9hdGVuZWFza3kuY29tXC93cC1jb250ZW50XC91cGxvYWRzXC8yMDI1XC8xMlwvMk8zQTc5NDgtc2NhbGVkLmpwZyIsInNsaWRlc2hvdyI6IjBjNjJhOGYifQ%3D%3D\">\n\t\t\t\t\t<div class=\"e-gallery-image elementor-gallery-item__image\" data-thumbnail=\"https:\/\/ateneasky.com\/wp-content\/uploads\/2025\/12\/2O3A7948-scaled.jpg\" data-width=\"1707\" data-height=\"2560\" aria-label=\"\" role=\"img\" ><\/div>\n\t\t\t\t\t\t\t\t\t\t\t<div class=\"elementor-gallery-item__overlay\"><\/div>\n\t\t\t\t\t\t\t\t\t\t\t\t\t\t<\/a>\n\t\t\t\t\t\t\t<a class=\"e-gallery-item elementor-gallery-item elementor-animated-content\" href=\"https:\/\/ateneasky.com\/wp-content\/uploads\/2025\/12\/2O3A7975-scaled.jpg\" data-elementor-open-lightbox=\"yes\" data-elementor-lightbox-slideshow=\"0c62a8f\" data-elementor-lightbox-title=\"2O3A7975\" data-e-action-hash=\"#elementor-action%3Aaction%3Dlightbox%26settings%3DeyJpZCI6MTA4MTAsInVybCI6Imh0dHBzOlwvXC9hdGVuZWFza3kuY29tXC93cC1jb250ZW50XC91cGxvYWRzXC8yMDI1XC8xMlwvMk8zQTc5NzUtc2NhbGVkLmpwZyIsInNsaWRlc2hvdyI6IjBjNjJhOGYifQ%3D%3D\">\n\t\t\t\t\t<div class=\"e-gallery-image elementor-gallery-item__image\" data-thumbnail=\"https:\/\/ateneasky.com\/wp-content\/uploads\/2025\/12\/2O3A7975-scaled.jpg\" data-width=\"1707\" data-height=\"2560\" aria-label=\"\" role=\"img\" ><\/div>\n\t\t\t\t\t\t\t\t\t\t\t<div class=\"elementor-gallery-item__overlay\"><\/div>\n\t\t\t\t\t\t\t\t\t\t\t\t\t\t<\/a>\n\t\t\t\t\t\t\t<a class=\"e-gallery-item elementor-gallery-item elementor-animated-content\" href=\"https:\/\/ateneasky.com\/wp-content\/uploads\/2025\/12\/Atenea1ano-016-scaled.jpg\" data-elementor-open-lightbox=\"yes\" data-elementor-lightbox-slideshow=\"0c62a8f\" data-elementor-lightbox-title=\"Atenea1an\u0303o-016\" data-e-action-hash=\"#elementor-action%3Aaction%3Dlightbox%26settings%3DeyJpZCI6MTA4MTIsInVybCI6Imh0dHBzOlwvXC9hdGVuZWFza3kuY29tXC93cC1jb250ZW50XC91cGxvYWRzXC8yMDI1XC8xMlwvQXRlbmVhMWFuby0wMTYtc2NhbGVkLmpwZyIsInNsaWRlc2hvdyI6IjBjNjJhOGYifQ%3D%3D\">\n\t\t\t\t\t<div class=\"e-gallery-image elementor-gallery-item__image\" data-thumbnail=\"https:\/\/ateneasky.com\/wp-content\/uploads\/2025\/12\/Atenea1ano-016-scaled.jpg\" data-width=\"1710\" data-height=\"2560\" aria-label=\"\" role=\"img\" ><\/div>\n\t\t\t\t\t\t\t\t\t\t\t<div class=\"elementor-gallery-item__overlay\"><\/div>\n\t\t\t\t\t\t\t\t\t\t\t\t\t\t<\/a>\n\t\t\t\t\t\t\t<a class=\"e-gallery-item elementor-gallery-item elementor-animated-content\" href=\"https:\/\/ateneasky.com\/wp-content\/uploads\/2025\/12\/ATENEAMONTAJE_-117.jpg\" data-elementor-open-lightbox=\"yes\" data-elementor-lightbox-slideshow=\"0c62a8f\" data-elementor-lightbox-title=\"ATENEAMONTAJE_-117\" data-e-action-hash=\"#elementor-action%3Aaction%3Dlightbox%26settings%3DeyJpZCI6MTA4MTQsInVybCI6Imh0dHBzOlwvXC9hdGVuZWFza3kuY29tXC93cC1jb250ZW50XC91cGxvYWRzXC8yMDI1XC8xMlwvQVRFTkVBTU9OVEFKRV8tMTE3LmpwZyIsInNsaWRlc2hvdyI6IjBjNjJhOGYifQ%3D%3D\">\n\t\t\t\t\t<div class=\"e-gallery-image elementor-gallery-item__image\" data-thumbnail=\"https:\/\/ateneasky.com\/wp-content\/uploads\/2025\/12\/ATENEAMONTAJE_-117.jpg\" data-width=\"1800\" data-height=\"1200\" aria-label=\"\" role=\"img\" ><\/div>\n\t\t\t\t\t\t\t\t\t\t\t<div class=\"elementor-gallery-item__overlay\"><\/div>\n\t\t\t\t\t\t\t\t\t\t\t\t\t\t<\/a>\n\t\t\t\t\t\t\t<a class=\"e-gallery-item elementor-gallery-item elementor-animated-content\" href=\"https:\/\/ateneasky.com\/wp-content\/uploads\/2025\/12\/AteneaSky-PeopleofValencia-050-scaled.jpg\" data-elementor-open-lightbox=\"yes\" data-elementor-lightbox-slideshow=\"0c62a8f\" data-elementor-lightbox-title=\"AteneaSky-PeopleofValencia-050\" data-e-action-hash=\"#elementor-action%3Aaction%3Dlightbox%26settings%3DeyJpZCI6MTA4MTYsInVybCI6Imh0dHBzOlwvXC9hdGVuZWFza3kuY29tXC93cC1jb250ZW50XC91cGxvYWRzXC8yMDI1XC8xMlwvQXRlbmVhU2t5LVBlb3BsZW9mVmFsZW5jaWEtMDUwLXNjYWxlZC5qcGciLCJzbGlkZXNob3ciOiIwYzYyYThmIn0%3D\">\n\t\t\t\t\t<div class=\"e-gallery-image elementor-gallery-item__image\" data-thumbnail=\"https:\/\/ateneasky.com\/wp-content\/uploads\/2025\/12\/AteneaSky-PeopleofValencia-050-scaled.jpg\" data-width=\"1710\" data-height=\"2560\" aria-label=\"\" role=\"img\" ><\/div>\n\t\t\t\t\t\t\t\t\t\t\t<div class=\"elementor-gallery-item__overlay\"><\/div>\n\t\t\t\t\t\t\t\t\t\t\t\t\t\t<\/a>\n\t\t\t\t\t\t\t<a class=\"e-gallery-item elementor-gallery-item elementor-animated-content\" href=\"https:\/\/ateneasky.com\/wp-content\/uploads\/2025\/12\/Ateneo_Noche-Vieja-2025-15.jpg\" data-elementor-open-lightbox=\"yes\" data-elementor-lightbox-slideshow=\"0c62a8f\" data-elementor-lightbox-title=\"Ateneo_Noche Vieja 2025-15\" data-e-action-hash=\"#elementor-action%3Aaction%3Dlightbox%26settings%3DeyJpZCI6MTA4MTgsInVybCI6Imh0dHBzOlwvXC9hdGVuZWFza3kuY29tXC93cC1jb250ZW50XC91cGxvYWRzXC8yMDI1XC8xMlwvQXRlbmVvX05vY2hlLVZpZWphLTIwMjUtMTUuanBnIiwic2xpZGVzaG93IjoiMGM2MmE4ZiJ9\">\n\t\t\t\t\t<div class=\"e-gallery-image elementor-gallery-item__image\" data-thumbnail=\"https:\/\/ateneasky.com\/wp-content\/uploads\/2025\/12\/Ateneo_Noche-Vieja-2025-15.jpg\" data-width=\"1800\" data-height=\"1200\" aria-label=\"\" role=\"img\" ><\/div>\n\t\t\t\t\t\t\t\t\t\t\t<div class=\"elementor-gallery-item__overlay\"><\/div>\n\t\t\t\t\t\t\t\t\t\t\t\t\t\t<\/a>\n\t\t\t\t\t\t\t<a class=\"e-gallery-item elementor-gallery-item elementor-animated-content\" href=\"https:\/\/ateneasky.com\/wp-content\/uploads\/2025\/12\/Ateneo_Noche-Vieja-2025-51.jpg\" data-elementor-open-lightbox=\"yes\" data-elementor-lightbox-slideshow=\"0c62a8f\" data-elementor-lightbox-title=\"Ateneo_Noche Vieja 2025-51\" data-e-action-hash=\"#elementor-action%3Aaction%3Dlightbox%26settings%3DeyJpZCI6MTA4MjAsInVybCI6Imh0dHBzOlwvXC9hdGVuZWFza3kuY29tXC93cC1jb250ZW50XC91cGxvYWRzXC8yMDI1XC8xMlwvQXRlbmVvX05vY2hlLVZpZWphLTIwMjUtNTEuanBnIiwic2xpZGVzaG93IjoiMGM2MmE4ZiJ9\">\n\t\t\t\t\t<div class=\"e-gallery-image elementor-gallery-item__image\" data-thumbnail=\"https:\/\/ateneasky.com\/wp-content\/uploads\/2025\/12\/Ateneo_Noche-Vieja-2025-51.jpg\" data-width=\"1800\" data-height=\"1200\" aria-label=\"\" role=\"img\" ><\/div>\n\t\t\t\t\t\t\t\t\t\t\t<div class=\"elementor-gallery-item__overlay\"><\/div>\n\t\t\t\t\t\t\t\t\t\t\t\t\t\t<\/a>\n\t\t\t\t\t\t\t<a class=\"e-gallery-item elementor-gallery-item elementor-animated-content\" href=\"https:\/\/ateneasky.com\/wp-content\/uploads\/2025\/12\/Ateneo_Noche-Vieja-alternativa-3.jpg\" data-elementor-open-lightbox=\"yes\" data-elementor-lightbox-slideshow=\"0c62a8f\" data-elementor-lightbox-title=\"Ateneo_Noche Vieja alternativa-3\" data-e-action-hash=\"#elementor-action%3Aaction%3Dlightbox%26settings%3DeyJpZCI6MTA4MjIsInVybCI6Imh0dHBzOlwvXC9hdGVuZWFza3kuY29tXC93cC1jb250ZW50XC91cGxvYWRzXC8yMDI1XC8xMlwvQXRlbmVvX05vY2hlLVZpZWphLWFsdGVybmF0aXZhLTMuanBnIiwic2xpZGVzaG93IjoiMGM2MmE4ZiJ9\">\n\t\t\t\t\t<div class=\"e-gallery-image elementor-gallery-item__image\" data-thumbnail=\"https:\/\/ateneasky.com\/wp-content\/uploads\/2025\/12\/Ateneo_Noche-Vieja-alternativa-3.jpg\" data-width=\"1200\" data-height=\"1800\" aria-label=\"\" role=\"img\" ><\/div>\n\t\t\t\t\t\t\t\t\t\t\t<div class=\"elementor-gallery-item__overlay\"><\/div>\n\t\t\t\t\t\t\t\t\t\t\t\t\t\t<\/a>\n\t\t\t\t\t\t\t<a class=\"e-gallery-item elementor-gallery-item elementor-animated-content\" href=\"https:\/\/ateneasky.com\/wp-content\/uploads\/2025\/12\/Diamonds-096-scaled.jpg\" data-elementor-open-lightbox=\"yes\" data-elementor-lightbox-slideshow=\"0c62a8f\" data-elementor-lightbox-title=\"Diamonds-096\" data-e-action-hash=\"#elementor-action%3Aaction%3Dlightbox%26settings%3DeyJpZCI6MTA4MjQsInVybCI6Imh0dHBzOlwvXC9hdGVuZWFza3kuY29tXC93cC1jb250ZW50XC91cGxvYWRzXC8yMDI1XC8xMlwvRGlhbW9uZHMtMDk2LXNjYWxlZC5qcGciLCJzbGlkZXNob3ciOiIwYzYyYThmIn0%3D\">\n\t\t\t\t\t<div class=\"e-gallery-image elementor-gallery-item__image\" data-thumbnail=\"https:\/\/ateneasky.com\/wp-content\/uploads\/2025\/12\/Diamonds-096-scaled.jpg\" data-width=\"1710\" data-height=\"2560\" aria-label=\"\" role=\"img\" ><\/div>\n\t\t\t\t\t\t\t\t\t\t\t<div class=\"elementor-gallery-item__overlay\"><\/div>\n\t\t\t\t\t\t\t\t\t\t\t\t\t\t<\/a>\n\t\t\t\t\t\t\t<a class=\"e-gallery-item elementor-gallery-item elementor-animated-content\" href=\"https:\/\/ateneasky.com\/wp-content\/uploads\/2025\/12\/IMG_4778.jpg\" data-elementor-open-lightbox=\"yes\" data-elementor-lightbox-slideshow=\"0c62a8f\" data-elementor-lightbox-title=\"IMG_4778\" data-e-action-hash=\"#elementor-action%3Aaction%3Dlightbox%26settings%3DeyJpZCI6MTA4MjYsInVybCI6Imh0dHBzOlwvXC9hdGVuZWFza3kuY29tXC93cC1jb250ZW50XC91cGxvYWRzXC8yMDI1XC8xMlwvSU1HXzQ3NzguanBnIiwic2xpZGVzaG93IjoiMGM2MmE4ZiJ9\">\n\t\t\t\t\t<div class=\"e-gallery-image elementor-gallery-item__image\" data-thumbnail=\"https:\/\/ateneasky.com\/wp-content\/uploads\/2025\/12\/IMG_4778.jpg\" data-width=\"1080\" data-height=\"1616\" aria-label=\"\" role=\"img\" ><\/div>\n\t\t\t\t\t\t\t\t\t\t\t<div class=\"elementor-gallery-item__overlay\"><\/div>\n\t\t\t\t\t\t\t\t\t\t\t\t\t\t<\/a>\n\t\t\t\t\t\t\t<a class=\"e-gallery-item elementor-gallery-item elementor-animated-content\" href=\"https:\/\/ateneasky.com\/wp-content\/uploads\/2025\/12\/PXL_20251121_185327478-scaled.jpg\" data-elementor-open-lightbox=\"yes\" data-elementor-lightbox-slideshow=\"0c62a8f\" data-elementor-lightbox-title=\"PXL_20251121_185327478\" data-e-action-hash=\"#elementor-action%3Aaction%3Dlightbox%26settings%3DeyJpZCI6MTA4MjgsInVybCI6Imh0dHBzOlwvXC9hdGVuZWFza3kuY29tXC93cC1jb250ZW50XC91cGxvYWRzXC8yMDI1XC8xMlwvUFhMXzIwMjUxMTIxXzE4NTMyNzQ3OC1zY2FsZWQuanBnIiwic2xpZGVzaG93IjoiMGM2MmE4ZiJ9\">\n\t\t\t\t\t<div class=\"e-gallery-image elementor-gallery-item__image\" data-thumbnail=\"https:\/\/ateneasky.com\/wp-content\/uploads\/2025\/12\/PXL_20251121_185327478-scaled.jpg\" data-width=\"2560\" data-height=\"1440\" aria-label=\"\" role=\"img\" ><\/div>\n\t\t\t\t\t\t\t\t\t\t\t<div class=\"elementor-gallery-item__overlay\"><\/div>\n\t\t\t\t\t\t\t\t\t\t\t\t\t\t<\/a>\n\t\t\t\t\t<\/div>\n\t\t\t\t\t<\/div>\n\t\t\t\t<\/div>\n\t\t\t\t<div class=\"elementor-element elementor-element-bfa6ad6 elementor-widget elementor-widget-spacer\" data-id=\"bfa6ad6\" data-element_type=\"widget\" data-widget_type=\"spacer.default\">\n\t\t\t\t<div class=\"elementor-widget-container\">\n\t\t\t\t\t\t\t<div class=\"elementor-spacer\">\n\t\t\t<div class=\"elementor-spacer-inner\"><\/div>\n\t\t<\/div>\n\t\t\t\t\t\t<\/div>\n\t\t\t\t<\/div>\n\t\t\t\t\t<\/div>\n\t\t\t\t<\/div>\n\t\t\t\t<\/div>\n\t\t","protected":false},"excerpt":{"rendered":"<p>As\u00ed empieza un buen final: Atenea Sky se viste de gala para despedir el a\u00f1o por todo lo alto Valencia se prepara para una de las noches m\u00e1s especiales del a\u00f1o y Atenea Sky vuelve a convertirse en uno de los grandes escenarios para despedir el a\u00f1o desde lo m\u00e1s alto de la ciudad. Bajo [&hellip;]<\/p>\n","protected":false},"author":1,"featured_media":10829,"parent":0,"menu_order":0,"comment_status":"closed","ping_status":"closed","template":"","meta":{"_acf_changed":false,"site-sidebar-layout":"no-sidebar","site-content-layout":"page-builder","ast-site-content-layout":"full-width-container","site-content-style":"default","site-sidebar-style":"default","ast-global-header-display":"","ast-banner-title-visibility":"","ast-main-header-display":"","ast-hfb-above-header-display":"","ast-hfb-below-header-display":"","ast-hfb-mobile-header-display":"","site-post-title":"disabled","ast-breadcrumbs-content":"","ast-featured-img":"disabled","footer-sml-layout":"","ast-disable-related-posts":"","theme-transparent-header-meta":"","adv-header-id-meta":"","stick-header-meta":"","header-above-stick-meta":"","header-main-stick-meta":"","header-below-stick-meta":"","astra-migrate-meta-layouts":"set","ast-page-background-enabled":"default","ast-page-background-meta":{"desktop":{"background-color":"var(--ast-global-color-4)","background-image":"","background-repeat":"repeat","background-position":"center center","background-size":"auto","background-attachment":"scroll","background-type":"","background-media":"","overlay-type":"","overlay-color":"","overlay-opacity":"","overlay-gradient":""},"tablet":{"background-color":"","background-image":"","background-repeat":"repeat","background-position":"center center","background-size":"auto","background-attachment":"scroll","background-type":"","background-media":"","overlay-type":"","overlay-color":"","overlay-opacity":"","overlay-gradient":""},"mobile":{"background-color":"","background-image":"","background-repeat":"repeat","background-position":"center center","background-size":"auto","background-attachment":"scroll","background-type":"","background-media":"","overlay-type":"","overlay-color":"","overlay-opacity":"","overlay-gradient":""}},"ast-content-background-meta":{"desktop":{"background-color":"var(--ast-global-color-5)","background-image":"","background-repeat":"repeat","background-position":"center center","background-size":"auto","background-attachment":"scroll","background-type":"","background-media":"","overlay-type":"","overlay-color":"","overlay-opacity":"","overlay-gradient":""},"tablet":{"background-color":"var(--ast-global-color-5)","background-image":"","background-repeat":"repeat","background-position":"center center","background-size":"auto","background-attachment":"scroll","background-type":"","background-media":"","overlay-type":"","overlay-color":"","overlay-opacity":"","overlay-gradient":""},"mobile":{"background-color":"var(--ast-global-color-5)","background-image":"","background-repeat":"repeat","background-position":"center center","background-size":"auto","background-attachment":"scroll","background-type":"","background-media":"","overlay-type":"","overlay-color":"","overlay-opacity":"","overlay-gradient":""}},"footnotes":""},"class_list":["post-11006","page","type-page","status-publish","has-post-thumbnail","hentry"],"acf":[],"yoast_head":"<!-- This site is optimized with the Yoast SEO plugin v27.1.1 - https:\/\/yoast.com\/product\/yoast-seo-wordpress\/ -->\n<title>As\u00ed empieza un buen final: Atenea Sky se viste de gala para despedir el a\u00f1o por todo lo alto - Atenea Sky \u22b9<\/title>\n<meta name=\"robots\" content=\"index, follow, max-snippet:-1, max-image-preview:large, max-video-preview:-1\" \/>\n<link rel=\"canonical\" href=\"https:\/\/ateneasky.com\/en\/asi-empieza-un-buen-final-atenea-sky-se-viste-de-gala-para-despedir-el-ano-por-todo-lo-alto\/\" \/>\n<meta property=\"og:locale\" content=\"en_US\" \/>\n<meta property=\"og:type\" content=\"article\" \/>\n<meta property=\"og:title\" content=\"As\u00ed empieza un buen final: Atenea Sky se viste de gala para despedir el a\u00f1o por todo lo alto - Atenea Sky \u22b9\" \/>\n<meta property=\"og:description\" content=\"As\u00ed empieza un buen final: Atenea Sky se viste de gala para despedir el a\u00f1o por todo lo alto Valencia se prepara para una de las noches m\u00e1s especiales del a\u00f1o y Atenea Sky vuelve a convertirse en uno de los grandes escenarios para despedir el a\u00f1o desde lo m\u00e1s alto de la ciudad. Bajo [&hellip;]\" \/>\n<meta property=\"og:url\" content=\"https:\/\/ateneasky.com\/en\/asi-empieza-un-buen-final-atenea-sky-se-viste-de-gala-para-despedir-el-ano-por-todo-lo-alto\/\" \/>\n<meta property=\"og:site_name\" content=\"Atenea Sky \u22b9\" \/>\n<meta property=\"article:publisher\" content=\"https:\/\/www.facebook.com\/ateneasky.vlc\" \/>\n<meta name=\"twitter:card\" content=\"summary_large_image\" \/>\n<meta name=\"twitter:label1\" content=\"Est. reading time\" \/>\n\t<meta name=\"twitter:data1\" content=\"2 minutes\" \/>\n<script type=\"application\/ld+json\" class=\"yoast-schema-graph\">{\"@context\":\"https:\/\/schema.org\",\"@graph\":[{\"@type\":\"WebPage\",\"@id\":\"https:\/\/ateneasky.com\/en\/asi-empieza-un-buen-final-atenea-sky-se-viste-de-gala-para-despedir-el-ano-por-todo-lo-alto\/\",\"url\":\"https:\/\/ateneasky.com\/en\/asi-empieza-un-buen-final-atenea-sky-se-viste-de-gala-para-despedir-el-ano-por-todo-lo-alto\/\",\"name\":\"As\u00ed empieza un buen final: Atenea Sky se viste de gala para despedir el a\u00f1o por todo lo alto - Atenea Sky \u22b9\",\"isPartOf\":{\"@id\":\"https:\/\/ateneasky.com\/en\/#website\"},\"primaryImageOfPage\":{\"@id\":\"https:\/\/ateneasky.com\/en\/asi-empieza-un-buen-final-atenea-sky-se-viste-de-gala-para-despedir-el-ano-por-todo-lo-alto\/#primaryimage\"},\"image\":{\"@id\":\"https:\/\/ateneasky.com\/en\/asi-empieza-un-buen-final-atenea-sky-se-viste-de-gala-para-despedir-el-ano-por-todo-lo-alto\/#primaryimage\"},\"thumbnailUrl\":\"https:\/\/ateneasky.com\/wp-content\/uploads\/2025\/12\/PXL_20251121_185327478-scaled.jpg\",\"datePublished\":\"2025-12-19T11:32:06+00:00\",\"breadcrumb\":{\"@id\":\"https:\/\/ateneasky.com\/en\/asi-empieza-un-buen-final-atenea-sky-se-viste-de-gala-para-despedir-el-ano-por-todo-lo-alto\/#breadcrumb\"},\"inLanguage\":\"en-US\",\"potentialAction\":[{\"@type\":\"ReadAction\",\"target\":[\"https:\/\/ateneasky.com\/en\/asi-empieza-un-buen-final-atenea-sky-se-viste-de-gala-para-despedir-el-ano-por-todo-lo-alto\/\"]}]},{\"@type\":\"ImageObject\",\"inLanguage\":\"en-US\",\"@id\":\"https:\/\/ateneasky.com\/en\/asi-empieza-un-buen-final-atenea-sky-se-viste-de-gala-para-despedir-el-ano-por-todo-lo-alto\/#primaryimage\",\"url\":\"https:\/\/ateneasky.com\/wp-content\/uploads\/2025\/12\/PXL_20251121_185327478-scaled.jpg\",\"contentUrl\":\"https:\/\/ateneasky.com\/wp-content\/uploads\/2025\/12\/PXL_20251121_185327478-scaled.jpg\",\"width\":2560,\"height\":1440},{\"@type\":\"BreadcrumbList\",\"@id\":\"https:\/\/ateneasky.com\/en\/asi-empieza-un-buen-final-atenea-sky-se-viste-de-gala-para-despedir-el-ano-por-todo-lo-alto\/#breadcrumb\",\"itemListElement\":[{\"@type\":\"ListItem\",\"position\":1,\"name\":\"Portada\",\"item\":\"https:\/\/ateneasky.com\/en\/\"},{\"@type\":\"ListItem\",\"position\":2,\"name\":\"As\u00ed empieza un buen final: Atenea Sky se viste de gala para despedir el a\u00f1o por todo lo alto\"}]},{\"@type\":\"WebSite\",\"@id\":\"https:\/\/ateneasky.com\/en\/#website\",\"url\":\"https:\/\/ateneasky.com\/en\/\",\"name\":\"Atenea Sky \u22b9\",\"description\":\"Un oasis en el coraz\u00f3n de Valencia\",\"publisher\":{\"@id\":\"https:\/\/ateneasky.com\/en\/#organization\"},\"potentialAction\":[{\"@type\":\"SearchAction\",\"target\":{\"@type\":\"EntryPoint\",\"urlTemplate\":\"https:\/\/ateneasky.com\/en\/?s={search_term_string}\"},\"query-input\":{\"@type\":\"PropertyValueSpecification\",\"valueRequired\":true,\"valueName\":\"search_term_string\"}}],\"inLanguage\":\"en-US\"},{\"@type\":\"Organization\",\"@id\":\"https:\/\/ateneasky.com\/en\/#organization\",\"name\":\"Atenea Sky \u22b9\",\"url\":\"https:\/\/ateneasky.com\/en\/\",\"logo\":{\"@type\":\"ImageObject\",\"inLanguage\":\"en-US\",\"@id\":\"https:\/\/ateneasky.com\/en\/#\/schema\/logo\/image\/\",\"url\":\"https:\/\/ateneasky.com\/wp-content\/uploads\/2023\/04\/ateneasky-logo.png\",\"contentUrl\":\"https:\/\/ateneasky.com\/wp-content\/uploads\/2023\/04\/ateneasky-logo.png\",\"width\":1000,\"height\":365,\"caption\":\"Atenea Sky \u22b9\"},\"image\":{\"@id\":\"https:\/\/ateneasky.com\/en\/#\/schema\/logo\/image\/\"},\"sameAs\":[\"https:\/\/www.facebook.com\/ateneasky.vlc\",\"https:\/\/www.instagram.com\/atenea.sky\/\"]}]}<\/script>\n<!-- \/ Yoast SEO plugin. -->","yoast_head_json":{"title":"As\u00ed empieza un buen final: Atenea Sky se viste de gala para despedir el a\u00f1o por todo lo alto - Atenea Sky \u22b9","robots":{"index":"index","follow":"follow","max-snippet":"max-snippet:-1","max-image-preview":"max-image-preview:large","max-video-preview":"max-video-preview:-1"},"canonical":"https:\/\/ateneasky.com\/en\/asi-empieza-un-buen-final-atenea-sky-se-viste-de-gala-para-despedir-el-ano-por-todo-lo-alto\/","og_locale":"en_US","og_type":"article","og_title":"As\u00ed empieza un buen final: Atenea Sky se viste de gala para despedir el a\u00f1o por todo lo alto - Atenea Sky \u22b9","og_description":"As\u00ed empieza un buen final: Atenea Sky se viste de gala para despedir el a\u00f1o por todo lo alto Valencia se prepara para una de las noches m\u00e1s especiales del a\u00f1o y Atenea Sky vuelve a convertirse en uno de los grandes escenarios para despedir el a\u00f1o desde lo m\u00e1s alto de la ciudad. Bajo [&hellip;]","og_url":"https:\/\/ateneasky.com\/en\/asi-empieza-un-buen-final-atenea-sky-se-viste-de-gala-para-despedir-el-ano-por-todo-lo-alto\/","og_site_name":"Atenea Sky \u22b9","article_publisher":"https:\/\/www.facebook.com\/ateneasky.vlc","twitter_card":"summary_large_image","twitter_misc":{"Est. reading time":"2 minutes"},"schema":{"@context":"https:\/\/schema.org","@graph":[{"@type":"WebPage","@id":"https:\/\/ateneasky.com\/en\/asi-empieza-un-buen-final-atenea-sky-se-viste-de-gala-para-despedir-el-ano-por-todo-lo-alto\/","url":"https:\/\/ateneasky.com\/en\/asi-empieza-un-buen-final-atenea-sky-se-viste-de-gala-para-despedir-el-ano-por-todo-lo-alto\/","name":"As\u00ed empieza un buen final: Atenea Sky se viste de gala para despedir el a\u00f1o por todo lo alto - Atenea Sky \u22b9","isPartOf":{"@id":"https:\/\/ateneasky.com\/en\/#website"},"primaryImageOfPage":{"@id":"https:\/\/ateneasky.com\/en\/asi-empieza-un-buen-final-atenea-sky-se-viste-de-gala-para-despedir-el-ano-por-todo-lo-alto\/#primaryimage"},"image":{"@id":"https:\/\/ateneasky.com\/en\/asi-empieza-un-buen-final-atenea-sky-se-viste-de-gala-para-despedir-el-ano-por-todo-lo-alto\/#primaryimage"},"thumbnailUrl":"https:\/\/ateneasky.com\/wp-content\/uploads\/2025\/12\/PXL_20251121_185327478-scaled.jpg","datePublished":"2025-12-19T11:32:06+00:00","breadcrumb":{"@id":"https:\/\/ateneasky.com\/en\/asi-empieza-un-buen-final-atenea-sky-se-viste-de-gala-para-despedir-el-ano-por-todo-lo-alto\/#breadcrumb"},"inLanguage":"en-US","potentialAction":[{"@type":"ReadAction","target":["https:\/\/ateneasky.com\/en\/asi-empieza-un-buen-final-atenea-sky-se-viste-de-gala-para-despedir-el-ano-por-todo-lo-alto\/"]}]},{"@type":"ImageObject","inLanguage":"en-US","@id":"https:\/\/ateneasky.com\/en\/asi-empieza-un-buen-final-atenea-sky-se-viste-de-gala-para-despedir-el-ano-por-todo-lo-alto\/#primaryimage","url":"https:\/\/ateneasky.com\/wp-content\/uploads\/2025\/12\/PXL_20251121_185327478-scaled.jpg","contentUrl":"https:\/\/ateneasky.com\/wp-content\/uploads\/2025\/12\/PXL_20251121_185327478-scaled.jpg","width":2560,"height":1440},{"@type":"BreadcrumbList","@id":"https:\/\/ateneasky.com\/en\/asi-empieza-un-buen-final-atenea-sky-se-viste-de-gala-para-despedir-el-ano-por-todo-lo-alto\/#breadcrumb","itemListElement":[{"@type":"ListItem","position":1,"name":"Portada","item":"https:\/\/ateneasky.com\/en\/"},{"@type":"ListItem","position":2,"name":"As\u00ed empieza un buen final: Atenea Sky se viste de gala para despedir el a\u00f1o por todo lo alto"}]},{"@type":"WebSite","@id":"https:\/\/ateneasky.com\/en\/#website","url":"https:\/\/ateneasky.com\/en\/","name":"Atenea Sky \u22b9","description":"Un oasis en el coraz\u00f3n de Valencia","publisher":{"@id":"https:\/\/ateneasky.com\/en\/#organization"},"potentialAction":[{"@type":"SearchAction","target":{"@type":"EntryPoint","urlTemplate":"https:\/\/ateneasky.com\/en\/?s={search_term_string}"},"query-input":{"@type":"PropertyValueSpecification","valueRequired":true,"valueName":"search_term_string"}}],"inLanguage":"en-US"},{"@type":"Organization","@id":"https:\/\/ateneasky.com\/en\/#organization","name":"Atenea Sky \u22b9","url":"https:\/\/ateneasky.com\/en\/","logo":{"@type":"ImageObject","inLanguage":"en-US","@id":"https:\/\/ateneasky.com\/en\/#\/schema\/logo\/image\/","url":"https:\/\/ateneasky.com\/wp-content\/uploads\/2023\/04\/ateneasky-logo.png","contentUrl":"https:\/\/ateneasky.com\/wp-content\/uploads\/2023\/04\/ateneasky-logo.png","width":1000,"height":365,"caption":"Atenea Sky \u22b9"},"image":{"@id":"https:\/\/ateneasky.com\/en\/#\/schema\/logo\/image\/"},"sameAs":["https:\/\/www.facebook.com\/ateneasky.vlc","https:\/\/www.instagram.com\/atenea.sky\/"]}]}},"_links":{"self":[{"href":"https:\/\/ateneasky.com\/en\/wp-json\/wp\/v2\/pages\/11006","targetHints":{"allow":["GET"]}}],"collection":[{"href":"https:\/\/ateneasky.com\/en\/wp-json\/wp\/v2\/pages"}],"about":[{"href":"https:\/\/ateneasky.com\/en\/wp-json\/wp\/v2\/types\/page"}],"author":[{"embeddable":true,"href":"https:\/\/ateneasky.com\/en\/wp-json\/wp\/v2\/users\/1"}],"replies":[{"embeddable":true,"href":"https:\/\/ateneasky.com\/en\/wp-json\/wp\/v2\/comments?post=11006"}],"version-history":[{"count":0,"href":"https:\/\/ateneasky.com\/en\/wp-json\/wp\/v2\/pages\/11006\/revisions"}],"wp:featuredmedia":[{"embeddable":true,"href":"https:\/\/ateneasky.com\/en\/wp-json\/wp\/v2\/media\/10829"}],"wp:attachment":[{"href":"https:\/\/ateneasky.com\/en\/wp-json\/wp\/v2\/media?parent=11006"}],"curies":[{"name":"wp","href":"https:\/\/api.w.org\/{rel}","templated":true}]}}